{"id":1506,"date":"2022-03-09T14:10:09","date_gmt":"2022-03-09T14:10:09","guid":{"rendered":"https:\/\/www.sedexpo.com\/inicio\/"},"modified":"2026-02-16T10:37:56","modified_gmt":"2026-02-16T10:37:56","slug":"inicio","status":"publish","type":"page","link":"https:\/\/www.semanaverde.es\/gl\/","title":{"rendered":"Inicio"},"content":{"rendered":"\t\t<div data-elementor-type=\"wp-page\" data-elementor-id=\"1506\" class=\"elementor elementor-1506 elementor-16\">\n\t\t\t\t\t\t\t\t\t<section class=\"elementor-section elementor-top-section elementor-element elementor-element-e2a8e56 elementor-section-full_width elementor-section-height-default elementor-section-height-default\" data-id=\"e2a8e56\" data-element_type=\"section\">\n\t\t\t\t\t\t<div class=\"elementor-container elementor-column-gap-no\">\n\t\t\t\t\t<div class=\"elementor-column elementor-col-100 elementor-top-column elementor-element elementor-element-fcc65e5\" data-id=\"fcc65e5\" data-element_type=\"column\">\n\t\t\t<div class=\"elementor-widget-wrap elementor-element-populated\">\n\t\t\t\t\t\t\t\t<div class=\"elementor-element elementor-element-05e3ac3 elementor--v-position-bottom elementor--h-position-center elementor-arrows-position-inside elementor-pagination-position-inside elementor-widget elementor-widget-slides\" data-id=\"05e3ac3\" data-element_type=\"widget\" data-settings=\"{&quot;transition&quot;:&quot;fade&quot;,&quot;navigation&quot;:&quot;both&quot;,&quot;autoplay&quot;:&quot;yes&quot;,&quot;autoplay_speed&quot;:5000,&quot;infinite&quot;:&quot;yes&quot;,&quot;transition_speed&quot;:500}\" data-widget_type=\"slides.default\">\n\t\t\t\t<div class=\"elementor-widget-container\">\n\t\t\t<style>\/*! elementor-pro - v3.6.2 - 14-02-2022 *\/\n.elementor-slides .swiper-slide-bg{background-size:cover;background-position:50%;background-repeat:no-repeat;min-width:100%;min-height:100%}.elementor-slides .swiper-slide-inner{background-repeat:no-repeat;background-position:50%;position:absolute;top:0;left:0;bottom:0;right:0;padding:50px;margin:auto}.elementor-slides .swiper-slide-inner,.elementor-slides .swiper-slide-inner:hover{color:#fff;display:-webkit-box;display:-ms-flexbox;display:flex}.elementor-slides .swiper-slide-inner .elementor-background-overlay{position:absolute;z-index:0;top:0;bottom:0;left:0;right:0}.elementor-slides .swiper-slide-inner .elementor-slide-content{position:relative;z-index:1;width:100%}.elementor-slides .swiper-slide-inner .elementor-slide-heading{font-size:35px;font-weight:700;line-height:1}.elementor-slides .swiper-slide-inner .elementor-slide-description{font-size:17px;line-height:1.4}.elementor-slides .swiper-slide-inner .elementor-slide-description:not(:last-child),.elementor-slides .swiper-slide-inner .elementor-slide-heading:not(:last-child){margin-bottom:30px}.elementor-slides .swiper-slide-inner .elementor-slide-button{border:2px solid #fff;color:#fff;background:transparent;display:inline-block}.elementor-slides .swiper-slide-inner .elementor-slide-button,.elementor-slides .swiper-slide-inner .elementor-slide-button:hover{background:transparent;color:inherit;text-decoration:none}.elementor--v-position-top .swiper-slide-inner{-webkit-box-align:start;-ms-flex-align:start;align-items:flex-start}.elementor--v-position-bottom .swiper-slide-inner{-webkit-box-align:end;-ms-flex-align:end;align-items:flex-end}.elementor--v-position-middle .swiper-slide-inner{-webkit-box-align:center;-ms-flex-align:center;align-items:center}.elementor--h-position-left .swiper-slide-inner{-webkit-box-pack:start;-ms-flex-pack:start;justify-content:flex-start}.elementor--h-position-right .swiper-slide-inner{-webkit-box-pack:end;-ms-flex-pack:end;justify-content:flex-end}.elementor--h-position-center .swiper-slide-inner{-webkit-box-pack:center;-ms-flex-pack:center;justify-content:center}body.rtl .elementor-widget-slides .elementor-swiper-button-next{left:10px;right:auto}body.rtl .elementor-widget-slides .elementor-swiper-button-prev{right:10px;left:auto}.elementor-slides-wrapper div:not(.swiper-slide)>.swiper-slide-inner{display:none}@media (max-width:767px){.elementor-slides .swiper-slide-inner{padding:30px}.elementor-slides .swiper-slide-inner .elementor-slide-heading{font-size:23px;line-height:1;margin-bottom:15px}.elementor-slides .swiper-slide-inner .elementor-slide-description{font-size:13px;line-height:1.4;margin-bottom:15px}}<\/style>\t\t<div class=\"elementor-swiper\">\n\t\t\t<div class=\"elementor-slides-wrapper elementor-main-swiper swiper-container\" dir=\"ltr\" data-animation=\"\">\n\t\t\t\t<div class=\"swiper-wrapper elementor-slides\">\n\t\t\t\t\t\t\t\t\t\t<div class=\"elementor-repeater-item-a1d554b swiper-slide\"><div class=\"swiper-slide-bg elementor-ken-burns elementor-ken-burns--in\"><\/div><div class=\"swiper-slide-inner\" ><div class=\"swiper-slide-contents\"><div class=\"elementor-slide-description\"><div class=\"sedexpo-slide-description\">\n  <div class=\"sedexpo-slide-description-img\">\n    <img decoding=\"async\" src=\"https:\/\/www.semanaverde.es\/wp-content\/uploads\/2022\/04\/logo-semana-verde.png\" alt=\"SEMANA VERDE\">\n  <\/div>\n  <div class=\"sedexpo-slide-description-txt\">\n    <h5>SILLEDA - GALICIA - ESPA\u00d1A<br>4 - 7 de XU\u00d1O de 2026<\/h5>\n    <h1>FEIRA INTERNACIONAL ABANCA SEMANA VERDE DE GALICIA<\/h1>\n  <\/div>\n<\/div><\/div><\/div><\/div><\/div><div class=\"elementor-repeater-item-f47c3fe swiper-slide\"><div class=\"swiper-slide-bg elementor-ken-burns elementor-ken-burns--in\"><\/div><div class=\"swiper-slide-inner\" ><div class=\"swiper-slide-contents\"><div class=\"elementor-slide-description\"><div class=\"sedexpo-slide-description\">\n  <div class=\"sedexpo-slide-description-img\">\n    <img decoding=\"async\" src=\"https:\/\/www.semanaverde.es\/wp-content\/uploads\/2022\/04\/logo-semana-verde.png\" alt=\"SEMANA VERDE\">\n  <\/div>\n  <div class=\"sedexpo-slide-description-txt\">\n    <h5>SILLEDA - GALICIA - ESPA\u00d1A<br>4 - 7 de XU\u00d1O de 2026<\/h5>\n    <h1>FEIRA INTERNACIONAL ABANCA SEMANA VERDE DE GALICIA<\/h1>\n  <\/div>\n<\/div><\/div><\/div><\/div><\/div><div class=\"elementor-repeater-item-94c8655 swiper-slide\"><div class=\"swiper-slide-bg elementor-ken-burns elementor-ken-burns--in\"><\/div><div class=\"swiper-slide-inner\" ><div class=\"swiper-slide-contents\"><div class=\"elementor-slide-description\"><div class=\"sedexpo-slide-description\">\n  <div class=\"sedexpo-slide-description-img\">\n    <img decoding=\"async\" src=\"https:\/\/www.semanaverde.es\/wp-content\/uploads\/2022\/04\/logo-semana-verde.png\" alt=\"SEMANA VERDE\">\n  <\/div>\n  <div class=\"sedexpo-slide-description-txt\">\n    <h5>SILLEDA - GALICIA - ESPA\u00d1A<br>4 - 7 de XU\u00d1O de 2026<\/h5>\n    <h1>FEIRA INTERNACIONAL ABANCA SEMANA VERDE DE GALICIA<\/h1>\n  <\/div>\n<\/div><\/div><\/div><\/div><\/div><div class=\"elementor-repeater-item-09a1da2 swiper-slide\"><div class=\"swiper-slide-bg elementor-ken-burns elementor-ken-burns--in\"><\/div><div class=\"swiper-slide-inner\" ><div class=\"swiper-slide-contents\"><div class=\"elementor-slide-description\"><div class=\"sedexpo-slide-description\">\n  <div class=\"sedexpo-slide-description-img\">\n    <img decoding=\"async\" src=\"https:\/\/www.semanaverde.es\/wp-content\/uploads\/2022\/04\/logo-semana-verde.png\" alt=\"SEMANA VERDE\">\n  <\/div>\n  <div class=\"sedexpo-slide-description-txt\">\n    <h5>SILLEDA - GALICIA - ESPA\u00d1A<br>4 - 7 de XU\u00d1O de 2026<\/h5>\n    <h1>FEIRA INTERNACIONAL ABANCA SEMANA VERDE DE GALICIA<\/h1>\n  <\/div>\n<\/div><\/div><\/div><\/div><\/div><div class=\"elementor-repeater-item-b7fd9c6 swiper-slide\"><div class=\"swiper-slide-bg elementor-ken-burns elementor-ken-burns--in\"><\/div><div class=\"swiper-slide-inner\" ><div class=\"swiper-slide-contents\"><div class=\"elementor-slide-description\"><div class=\"sedexpo-slide-description\">\n  <div class=\"sedexpo-slide-description-img\">\n    <img decoding=\"async\" src=\"https:\/\/www.semanaverde.es\/wp-content\/uploads\/2022\/04\/logo-semana-verde.png\" alt=\"SEMANA VERDE\">\n  <\/div>\n  <div class=\"sedexpo-slide-description-txt\">\n    <h5>SILLEDA - GALICIA - ESPA\u00d1A<br>4 - 7 de XU\u00d1O de 2026<\/h5>\n    <h1>FEIRA INTERNACIONAL ABANCA SEMANA VERDE DE GALICIA<\/h1>\n  <\/div>\n<\/div><\/div><\/div><\/div><\/div><div class=\"elementor-repeater-item-8a54e9e swiper-slide\"><div class=\"swiper-slide-bg elementor-ken-burns elementor-ken-burns--in\"><\/div><div class=\"elementor-background-overlay\"><\/div><div class=\"swiper-slide-inner\" ><div class=\"swiper-slide-contents\"><div class=\"elementor-slide-description\"><div class=\"sedexpo-slide-description\">\n  <div class=\"sedexpo-slide-description-img\">\n    <img decoding=\"async\" src=\"https:\/\/www.semanaverde.es\/wp-content\/uploads\/2022\/04\/logo-semana-verde.png\" alt=\"SEMANA VERDE\">\n  <\/div>\n  <div class=\"sedexpo-slide-description-txt\">\n    <h5>SILLEDA - GALICIA - ESPA\u00d1A<br>4 - 7 de XU\u00d1O de 2026<\/h5>\n    <h1>FEIRA INTERNACIONAL ABANCA SEMANA VERDE DE GALICIA<\/h1>\n  <\/div>\n<\/div><\/div><\/div><\/div><\/div><div class=\"elementor-repeater-item-19ddc41 swiper-slide\"><div class=\"swiper-slide-bg elementor-ken-burns elementor-ken-burns--in\"><\/div><div class=\"swiper-slide-inner\" ><div class=\"swiper-slide-contents\"><div class=\"elementor-slide-description\"><div class=\"sedexpo-slide-description\">\n  <div class=\"sedexpo-slide-description-img\">\n    <img decoding=\"async\" src=\"https:\/\/www.semanaverde.es\/wp-content\/uploads\/2022\/04\/logo-semana-verde.png\" alt=\"SEMANA VERDE\">\n  <\/div>\n  <div class=\"sedexpo-slide-description-txt\">\n    <h5>SILLEDA - GALICIA - ESPA\u00d1A<br>4 - 7 de XU\u00d1O de 2026<\/h5>\n    <h1>FEIRA INTERNACIONAL ABANCA SEMANA VERDE DE GALICIA<\/h1>\n  <\/div>\n<\/div><\/div><\/div><\/div><\/div>\t\t\t\t<\/div>\n\t\t\t\t\t\t\t\t\t\t\t\t\t\t\t<div class=\"swiper-pagination\"><\/div>\n\t\t\t\t\t\t\t\t\t\t\t\t\t\t\t\t<div class=\"elementor-swiper-button elementor-swiper-button-prev\">\n\t\t\t\t\t\t\t<i aria-hidden=\"true\" class=\"eicon-chevron-left\"><\/i>\t\t\t\t\t\t\t<span class=\"elementor-screen-only\">Previous<\/span>\n\t\t\t\t\t\t<\/div>\n\t\t\t\t\t\t<div class=\"elementor-swiper-button elementor-swiper-button-next\">\n\t\t\t\t\t\t\t<i aria-hidden=\"true\" class=\"eicon-chevron-right\"><\/i>\t\t\t\t\t\t\t<span class=\"elementor-screen-only\">Next<\/span>\n\t\t\t\t\t\t<\/div>\n\t\t\t\t\t\t\t\t\t\t\t\t<\/div>\n\t\t<\/div>\n\t\t\t\t<\/div>\n\t\t\t\t<\/div>\n\t\t\t\t\t<\/div>\n\t\t<\/div>\n\t\t\t\t\t\t\t<\/div>\n\t\t<\/section>\n\t\t\t\t<section class=\"elementor-section elementor-top-section elementor-element elementor-element-47e43f3 elementor-section-boxed elementor-section-height-default elementor-section-height-default\" data-id=\"47e43f3\" data-element_type=\"section\">\n\t\t\t\t\t\t<div class=\"elementor-container elementor-column-gap-default\">\n\t\t\t\t\t<div class=\"elementor-column elementor-col-100 elementor-top-column elementor-element elementor-element-8cea852\" data-id=\"8cea852\" data-element_type=\"column\">\n\t\t\t<div class=\"elementor-widget-wrap elementor-element-populated\">\n\t\t\t\t\t\t\t\t<div class=\"elementor-element elementor-element-b6ad7b1 elementor-invisible elementor-widget elementor-widget-image\" data-id=\"b6ad7b1\" data-element_type=\"widget\" data-settings=\"{&quot;_animation&quot;:&quot;fadeInUp&quot;}\" data-widget_type=\"image.default\">\n\t\t\t\t<div class=\"elementor-widget-container\">\n\t\t\t<style>\/*! elementor - v3.11.5 - 14-03-2023 *\/\n.elementor-widget-image{text-align:center}.elementor-widget-image a{display:inline-block}.elementor-widget-image a img[src$=\".svg\"]{width:48px}.elementor-widget-image img{vertical-align:middle;display:inline-block}<\/style>\t\t\t\t\t\t\t\t\t\t\t\t\t<a href=\"https:\/\/www.turismo.gal\/\" target=\"_blank\">\n\t\t\t\t\t\t\t<img loading=\"lazy\" decoding=\"async\" width=\"958\" height=\"81\" src=\"https:\/\/www.semanaverde.es\/wp-content\/uploads\/2026\/02\/xunta-galicia-calidade-xacobeo-1.png\" class=\"attachment-large size-large wp-image-4595\" alt=\"\" srcset=\"https:\/\/www.semanaverde.es\/wp-content\/uploads\/2026\/02\/xunta-galicia-calidade-xacobeo-1.png 958w, https:\/\/www.semanaverde.es\/wp-content\/uploads\/2026\/02\/xunta-galicia-calidade-xacobeo-1-300x25.png 300w, https:\/\/www.semanaverde.es\/wp-content\/uploads\/2026\/02\/xunta-galicia-calidade-xacobeo-1-768x65.png 768w\" sizes=\"auto, (max-width: 958px) 100vw, 958px\" \/>\t\t\t\t\t\t\t\t<\/a>\n\t\t\t\t\t\t\t\t\t\t\t\t\t\t\t<\/div>\n\t\t\t\t<\/div>\n\t\t\t\t\t<\/div>\n\t\t<\/div>\n\t\t\t\t\t\t\t<\/div>\n\t\t<\/section>\n\t\t\t\t<section class=\"elementor-section elementor-top-section elementor-element elementor-element-d608d40 elementor-section-boxed elementor-section-height-default elementor-section-height-default\" data-id=\"d608d40\" data-element_type=\"section\">\n\t\t\t\t\t\t<div class=\"elementor-container elementor-column-gap-default\">\n\t\t\t\t\t<div class=\"elementor-column elementor-col-100 elementor-top-column elementor-element elementor-element-e887bc6\" data-id=\"e887bc6\" data-element_type=\"column\">\n\t\t\t<div class=\"elementor-widget-wrap elementor-element-populated\">\n\t\t\t\t\t\t\t\t<div class=\"elementor-element elementor-element-89a2f76 elementor-invisible elementor-widget elementor-widget-image\" data-id=\"89a2f76\" data-element_type=\"widget\" data-settings=\"{&quot;_animation&quot;:&quot;fadeInUp&quot;,&quot;_animation_delay&quot;:100,&quot;_animation_tablet&quot;:&quot;none&quot;}\" data-widget_type=\"image.default\">\n\t\t\t\t<div class=\"elementor-widget-container\">\n\t\t\t\t\t\t\t\t\t\t\t\t\t\t\t<img decoding=\"async\" src=\"https:\/\/www.semanaverde.es\/wp-content\/uploads\/elementor\/thumbs\/logo-semana-verde-pnw3xhccsq4g6z2w3y6zacal27k8t0io0jrqrrgsms.png\" title=\"logo semana verde\" alt=\"logo semana verde\" loading=\"lazy\" \/>\t\t\t\t\t\t\t\t\t\t\t\t\t\t\t<\/div>\n\t\t\t\t<\/div>\n\t\t\t\t<div class=\"elementor-element elementor-element-6b24b01 sedexpo-heading-underline elementor-invisible elementor-widget elementor-widget-heading\" data-id=\"6b24b01\" data-element_type=\"widget\" data-settings=\"{&quot;_animation&quot;:&quot;fadeInUp&quot;,&quot;_animation_delay&quot;:100,&quot;_animation_tablet&quot;:&quot;none&quot;}\" data-widget_type=\"heading.default\">\n\t\t\t\t<div class=\"elementor-widget-container\">\n\t\t\t<style>\/*! elementor - v3.11.5 - 14-03-2023 *\/\n.elementor-heading-title{padding:0;margin:0;line-height:1}.elementor-widget-heading .elementor-heading-title[class*=elementor-size-]>a{color:inherit;font-size:inherit;line-height:inherit}.elementor-widget-heading .elementor-heading-title.elementor-size-small{font-size:15px}.elementor-widget-heading .elementor-heading-title.elementor-size-medium{font-size:19px}.elementor-widget-heading .elementor-heading-title.elementor-size-large{font-size:29px}.elementor-widget-heading .elementor-heading-title.elementor-size-xl{font-size:39px}.elementor-widget-heading .elementor-heading-title.elementor-size-xxl{font-size:59px}<\/style><h2 class=\"elementor-heading-title elementor-size-default\">Actualidade  ABANCA Semana verde de galicia<\/h2>\t\t<\/div>\n\t\t\t\t<\/div>\n\t\t\t\t<div class=\"elementor-element elementor-element-6a00631 elementor-posts--thumbnail-top elementor-grid-3 elementor-grid-tablet-2 elementor-grid-mobile-1 elementor-invisible elementor-widget elementor-widget-posts\" data-id=\"6a00631\" data-element_type=\"widget\" data-settings=\"{&quot;_animation&quot;:&quot;fadeInUp&quot;,&quot;_animation_delay&quot;:100,&quot;_animation_tablet&quot;:&quot;none&quot;,&quot;custom_columns&quot;:&quot;3&quot;,&quot;custom_columns_tablet&quot;:&quot;2&quot;,&quot;custom_columns_mobile&quot;:&quot;1&quot;,&quot;custom_row_gap&quot;:{&quot;unit&quot;:&quot;px&quot;,&quot;size&quot;:35,&quot;sizes&quot;:[]},&quot;custom_row_gap_tablet&quot;:{&quot;unit&quot;:&quot;px&quot;,&quot;size&quot;:&quot;&quot;,&quot;sizes&quot;:[]},&quot;custom_row_gap_mobile&quot;:{&quot;unit&quot;:&quot;px&quot;,&quot;size&quot;:&quot;&quot;,&quot;sizes&quot;:[]}}\" data-widget_type=\"posts.custom\">\n\t\t\t\t<div class=\"elementor-widget-container\">\n\t\t\t<link rel=\"stylesheet\" href=\"https:\/\/www.semanaverde.es\/wp-content\/plugins\/elementor-pro\/assets\/css\/widget-posts.min.css\">      <div class=\"ecs-posts elementor-posts-container elementor-posts   elementor-grid elementor-posts--skin-custom\" data-settings=\"{&quot;current_page&quot;:1,&quot;max_num_pages&quot;:&quot;5&quot;,&quot;load_method&quot;:&quot;&quot;,&quot;widget_id&quot;:&quot;6a00631&quot;,&quot;post_id&quot;:1506,&quot;theme_id&quot;:1506,&quot;change_url&quot;:false,&quot;reinit_js&quot;:false}\">\n      \t\t<article id=\"post-4292\" class=\"elementor-post elementor-grid-item ecs-post-loop post-4292 post type-post status-publish format-standard has-post-thumbnail hentry category-uncategorized-gl\">\n\t\t\t\t<div data-elementor-type=\"loop\" data-elementor-id=\"208\" class=\"elementor elementor-208 post-4292 post type-post status-publish format-standard has-post-thumbnail hentry category-uncategorized-gl\">\n\t\t\t\t\t\t\t\t<section class=\"elementor-section elementor-top-section elementor-element elementor-element-1d7e0a4 elementor-section-full_width elementor-section-height-default elementor-section-height-default\" data-id=\"1d7e0a4\" data-element_type=\"section\">\n\t\t\t\t\t\t<div class=\"elementor-container elementor-column-gap-no\">\n\t\t\t\t\t<div class=\"make-column-clickable-elementor elementor-column elementor-col-100 elementor-top-column elementor-element elementor-element-6321ee5\" style=\"cursor: pointer;\" data-column-clickable=\"https:\/\/www.semanaverde.es\/gl\/la-feria-abanca-semana-verde-ya-tiene-fechas-para-volver-a-generar-negocio-en-el-mejor-entorno-ludico-del-4-al-7-de-junio-de-2026\/\" data-column-clickable-blank=\"_self\" data-id=\"6321ee5\" data-element_type=\"column\">\n\t\t\t<div class=\"elementor-widget-wrap elementor-element-populated\">\n\t\t\t\t\t\t<style>#post-4292 .elementor-208 .elementor-element.elementor-element-35df029:not(.elementor-motion-effects-element-type-background), #post-4292 .elementor-208 .elementor-element.elementor-element-35df029 > .elementor-motion-effects-container > .elementor-motion-effects-layer{background-image: url(\"https:\/\/www.semanaverde.es\/wp-content\/uploads\/2025\/09\/Vista-pavillon-1-Salimat-en-Abanca-Semana-Verde-2025.jpg\");}<\/style>\t\t<section class=\"elementor-section elementor-inner-section elementor-element elementor-element-35df029 elementor-section-full_width elementor-section-height-min-height elementor-section-height-default\" data-id=\"35df029\" data-element_type=\"section\" data-settings=\"{&quot;background_background&quot;:&quot;classic&quot;}\">\n\t\t\t\t\t\t<div class=\"elementor-container elementor-column-gap-no\">\n\t\t\t\t\t<div class=\"elementor-column elementor-col-100 elementor-inner-column elementor-element elementor-element-1cafc09\" data-id=\"1cafc09\" data-element_type=\"column\">\n\t\t\t<div class=\"elementor-widget-wrap\">\n\t\t\t\t\t\t\t\t\t<\/div>\n\t\t<\/div>\n\t\t\t\t\t\t\t<\/div>\n\t\t<\/section>\n\t\t\t\t<section class=\"elementor-section elementor-inner-section elementor-element elementor-element-5a7aa4e elementor-section-full_width elementor-section-height-default elementor-section-height-default\" data-id=\"5a7aa4e\" data-element_type=\"section\" data-settings=\"{&quot;background_background&quot;:&quot;classic&quot;}\">\n\t\t\t\t\t\t<div class=\"elementor-container elementor-column-gap-default\">\n\t\t\t\t\t<div class=\"elementor-column elementor-col-100 elementor-inner-column elementor-element elementor-element-f52386e\" data-id=\"f52386e\" data-element_type=\"column\">\n\t\t\t<div class=\"elementor-widget-wrap elementor-element-populated\">\n\t\t\t\t\t\t\t\t<div class=\"elementor-element elementor-element-f7e5506 elementor-widget elementor-widget-theme-post-title elementor-page-title elementor-widget-heading\" data-id=\"f7e5506\" data-element_type=\"widget\" data-widget_type=\"theme-post-title.default\">\n\t\t\t\t<div class=\"elementor-widget-container\">\n\t\t\t<h3 class=\"elementor-heading-title elementor-size-default\"><a href=\"https:\/\/www.semanaverde.es\/gl\/la-feria-abanca-semana-verde-ya-tiene-fechas-para-volver-a-generar-negocio-en-el-mejor-entorno-ludico-del-4-al-7-de-junio-de-2026\/\">A feira Abanca Semana Verde xa ten datas para volver xerar negocio no mellor entorno l\u00fadico, do 4 ao 7 de xu\u00f1o de 2026<\/a><\/h3>\t\t<\/div>\n\t\t\t\t<\/div>\n\t\t\t\t<div class=\"elementor-element elementor-element-f7319f8 elementor-widget elementor-widget-post-info\" data-id=\"f7319f8\" data-element_type=\"widget\" data-widget_type=\"post-info.default\">\n\t\t\t\t<div class=\"elementor-widget-container\">\n\t\t\t<link rel=\"stylesheet\" href=\"https:\/\/www.semanaverde.es\/wp-content\/plugins\/elementor\/assets\/css\/widget-icon-list.min.css\"><link rel=\"stylesheet\" href=\"https:\/\/www.semanaverde.es\/wp-content\/plugins\/elementor-pro\/assets\/css\/widget-theme-elements.min.css\">\t\t<ul class=\"elementor-inline-items elementor-icon-list-items elementor-post-info\">\n\t\t\t\t\t\t\t\t<li class=\"elementor-icon-list-item elementor-repeater-item-2cd20f6 elementor-inline-item\" itemprop=\"datePublished\">\n\t\t\t\t\t\t\t\t\t\t\t\t\t<span class=\"elementor-icon-list-text elementor-post-info__item elementor-post-info__item--type-date\">\n\t\t\t\t\t\t\t\t\t\t01.09.2025\t\t\t\t\t<\/span>\n\t\t\t\t\t\t\t\t<\/li>\n\t\t\t\t<\/ul>\n\t\t\t\t<\/div>\n\t\t\t\t<\/div>\n\t\t\t\t<div class=\"elementor-element elementor-element-5be9030 elementor-widget elementor-widget-text-editor\" data-id=\"5be9030\" data-element_type=\"widget\" data-widget_type=\"text-editor.default\">\n\t\t\t\t<div class=\"elementor-widget-container\">\n\t\t\t<style>\/*! elementor - v3.11.5 - 14-03-2023 *\/\n.elementor-widget-text-editor.elementor-drop-cap-view-stacked .elementor-drop-cap{background-color:#818a91;color:#fff}.elementor-widget-text-editor.elementor-drop-cap-view-framed .elementor-drop-cap{color:#818a91;border:3px solid;background-color:transparent}.elementor-widget-text-editor:not(.elementor-drop-cap-view-default) .elementor-drop-cap{margin-top:8px}.elementor-widget-text-editor:not(.elementor-drop-cap-view-default) .elementor-drop-cap-letter{width:1em;height:1em}.elementor-widget-text-editor .elementor-drop-cap{float:left;text-align:center;line-height:1;font-size:50px}.elementor-widget-text-editor .elementor-drop-cap-letter{display:inline-block}<\/style>\t\t\t\tSER\u00c1 A 48\u00aa EDICI\u00d3N DESTE RECO\u00d1ECIDO EVENTO MULTISECTORIAL, QUE NA S\u00daA \u00daLTIMA EDICI\u00d3N REXISTROU A MAIOR CIFRA DE EXPOSITORES DOS \u00daLTIMOS 18 ANOS E\t\t\t\t\t\t<\/div>\n\t\t\t\t<\/div>\n\t\t\t\t<div class=\"elementor-element elementor-element-b6017a1 elementor-widget elementor-widget-heading\" data-id=\"b6017a1\" data-element_type=\"widget\" data-widget_type=\"heading.default\">\n\t\t\t\t<div class=\"elementor-widget-container\">\n\t\t\t<p class=\"elementor-heading-title elementor-size-default\"><a href=\"https:\/\/www.semanaverde.es\/gl\/la-feria-abanca-semana-verde-ya-tiene-fechas-para-volver-a-generar-negocio-en-el-mejor-entorno-ludico-del-4-al-7-de-junio-de-2026\/\">+ info  <\/a><\/p>\t\t<\/div>\n\t\t\t\t<\/div>\n\t\t\t\t\t<\/div>\n\t\t<\/div>\n\t\t\t\t\t\t\t<\/div>\n\t\t<\/section>\n\t\t\t\t\t<\/div>\n\t\t<\/div>\n\t\t\t\t\t\t\t<\/div>\n\t\t<\/section>\n\t\t\t\t\t\t<\/div>\n\t\t\t\t<\/article>\n\t\t\t\t<article id=\"post-4284\" class=\"elementor-post elementor-grid-item ecs-post-loop post-4284 post type-post status-publish format-standard has-post-thumbnail hentry category-uncategorized-gl\">\n\t\t\t\t<div data-elementor-type=\"loop\" data-elementor-id=\"208\" class=\"elementor elementor-208 post-4284 post type-post status-publish format-standard has-post-thumbnail hentry category-uncategorized-gl\">\n\t\t\t\t\t\t\t\t<section class=\"elementor-section elementor-top-section elementor-element elementor-element-1d7e0a4 elementor-section-full_width elementor-section-height-default elementor-section-height-default\" data-id=\"1d7e0a4\" data-element_type=\"section\">\n\t\t\t\t\t\t<div class=\"elementor-container elementor-column-gap-no\">\n\t\t\t\t\t<div class=\"make-column-clickable-elementor elementor-column elementor-col-100 elementor-top-column elementor-element elementor-element-6321ee5\" style=\"cursor: pointer;\" data-column-clickable=\"https:\/\/www.semanaverde.es\/gl\/la-feria-abanca-semana-verde-llega-a-los-112-200-visitantes-en-una-edicion-marcada-por-el-crecimiento-expositivo-e-internacional\/\" data-column-clickable-blank=\"_self\" data-id=\"6321ee5\" data-element_type=\"column\">\n\t\t\t<div class=\"elementor-widget-wrap elementor-element-populated\">\n\t\t\t\t\t\t<style>#post-4284 .elementor-208 .elementor-element.elementor-element-35df029:not(.elementor-motion-effects-element-type-background), #post-4284 .elementor-208 .elementor-element.elementor-element-35df029 > .elementor-motion-effects-container > .elementor-motion-effects-layer{background-image: url(\"https:\/\/www.semanaverde.es\/wp-content\/uploads\/2025\/06\/Espectaculo-de-Paco-Martos-en-Semana-Verde-DSC06983-scaled.jpg\");}<\/style>\t\t<section class=\"elementor-section elementor-inner-section elementor-element elementor-element-35df029 elementor-section-full_width elementor-section-height-min-height elementor-section-height-default\" data-id=\"35df029\" data-element_type=\"section\" data-settings=\"{&quot;background_background&quot;:&quot;classic&quot;}\">\n\t\t\t\t\t\t<div class=\"elementor-container elementor-column-gap-no\">\n\t\t\t\t\t<div class=\"elementor-column elementor-col-100 elementor-inner-column elementor-element elementor-element-1cafc09\" data-id=\"1cafc09\" data-element_type=\"column\">\n\t\t\t<div class=\"elementor-widget-wrap\">\n\t\t\t\t\t\t\t\t\t<\/div>\n\t\t<\/div>\n\t\t\t\t\t\t\t<\/div>\n\t\t<\/section>\n\t\t\t\t<section class=\"elementor-section elementor-inner-section elementor-element elementor-element-5a7aa4e elementor-section-full_width elementor-section-height-default elementor-section-height-default\" data-id=\"5a7aa4e\" data-element_type=\"section\" data-settings=\"{&quot;background_background&quot;:&quot;classic&quot;}\">\n\t\t\t\t\t\t<div class=\"elementor-container elementor-column-gap-default\">\n\t\t\t\t\t<div class=\"elementor-column elementor-col-100 elementor-inner-column elementor-element elementor-element-f52386e\" data-id=\"f52386e\" data-element_type=\"column\">\n\t\t\t<div class=\"elementor-widget-wrap elementor-element-populated\">\n\t\t\t\t\t\t\t\t<div class=\"elementor-element elementor-element-f7e5506 elementor-widget elementor-widget-theme-post-title elementor-page-title elementor-widget-heading\" data-id=\"f7e5506\" data-element_type=\"widget\" data-widget_type=\"theme-post-title.default\">\n\t\t\t\t<div class=\"elementor-widget-container\">\n\t\t\t<h3 class=\"elementor-heading-title elementor-size-default\"><a href=\"https:\/\/www.semanaverde.es\/gl\/la-feria-abanca-semana-verde-llega-a-los-112-200-visitantes-en-una-edicion-marcada-por-el-crecimiento-expositivo-e-internacional\/\">A feira Abanca Semana Verde chega aos 112.200 visitantes nunha edici\u00f3n marcada polo crecemento expositivo e internacional<\/a><\/h3>\t\t<\/div>\n\t\t\t\t<\/div>\n\t\t\t\t<div class=\"elementor-element elementor-element-f7319f8 elementor-widget elementor-widget-post-info\" data-id=\"f7319f8\" data-element_type=\"widget\" data-widget_type=\"post-info.default\">\n\t\t\t\t<div class=\"elementor-widget-container\">\n\t\t\t\t\t<ul class=\"elementor-inline-items elementor-icon-list-items elementor-post-info\">\n\t\t\t\t\t\t\t\t<li class=\"elementor-icon-list-item elementor-repeater-item-2cd20f6 elementor-inline-item\" itemprop=\"datePublished\">\n\t\t\t\t\t\t\t\t\t\t\t\t\t<span class=\"elementor-icon-list-text elementor-post-info__item elementor-post-info__item--type-date\">\n\t\t\t\t\t\t\t\t\t\t08.06.2025\t\t\t\t\t<\/span>\n\t\t\t\t\t\t\t\t<\/li>\n\t\t\t\t<\/ul>\n\t\t\t\t<\/div>\n\t\t\t\t<\/div>\n\t\t\t\t<div class=\"elementor-element elementor-element-5be9030 elementor-widget elementor-widget-text-editor\" data-id=\"5be9030\" data-element_type=\"widget\" data-widget_type=\"text-editor.default\">\n\t\t\t\t<div class=\"elementor-widget-container\">\n\t\t\t\t\t\t\tTR\u00c1TASE DA MAIOR AFLUENCIA DENDE ANTES DA PANDEMIA E UN 32% M\u00c1IS QUE O ANO PASADO O CERTAMEN ACADOU A S\u00daA MELLOR CIFRA DE\t\t\t\t\t\t<\/div>\n\t\t\t\t<\/div>\n\t\t\t\t<div class=\"elementor-element elementor-element-b6017a1 elementor-widget elementor-widget-heading\" data-id=\"b6017a1\" data-element_type=\"widget\" data-widget_type=\"heading.default\">\n\t\t\t\t<div class=\"elementor-widget-container\">\n\t\t\t<p class=\"elementor-heading-title elementor-size-default\"><a href=\"https:\/\/www.semanaverde.es\/gl\/la-feria-abanca-semana-verde-llega-a-los-112-200-visitantes-en-una-edicion-marcada-por-el-crecimiento-expositivo-e-internacional\/\">+ info  <\/a><\/p>\t\t<\/div>\n\t\t\t\t<\/div>\n\t\t\t\t\t<\/div>\n\t\t<\/div>\n\t\t\t\t\t\t\t<\/div>\n\t\t<\/section>\n\t\t\t\t\t<\/div>\n\t\t<\/div>\n\t\t\t\t\t\t\t<\/div>\n\t\t<\/section>\n\t\t\t\t\t\t<\/div>\n\t\t\t\t<\/article>\n\t\t\t\t<article id=\"post-4276\" class=\"elementor-post elementor-grid-item ecs-post-loop post-4276 post type-post status-publish format-standard has-post-thumbnail hentry category-uncategorized-gl\">\n\t\t\t\t<div data-elementor-type=\"loop\" data-elementor-id=\"208\" class=\"elementor elementor-208 post-4276 post type-post status-publish format-standard has-post-thumbnail hentry category-uncategorized-gl\">\n\t\t\t\t\t\t\t\t<section class=\"elementor-section elementor-top-section elementor-element elementor-element-1d7e0a4 elementor-section-full_width elementor-section-height-default elementor-section-height-default\" data-id=\"1d7e0a4\" data-element_type=\"section\">\n\t\t\t\t\t\t<div class=\"elementor-container elementor-column-gap-no\">\n\t\t\t\t\t<div class=\"make-column-clickable-elementor elementor-column elementor-col-100 elementor-top-column elementor-element elementor-element-6321ee5\" style=\"cursor: pointer;\" data-column-clickable=\"https:\/\/www.semanaverde.es\/gl\/diversidad-y-espectacularidad-marcan-las-actividades-de-la-ultima-jornada-de-la-feria-abanca-semana-verde-2025\/\" data-column-clickable-blank=\"_self\" data-id=\"6321ee5\" data-element_type=\"column\">\n\t\t\t<div class=\"elementor-widget-wrap elementor-element-populated\">\n\t\t\t\t\t\t<style>#post-4276 .elementor-208 .elementor-element.elementor-element-35df029:not(.elementor-motion-effects-element-type-background), #post-4276 .elementor-208 .elementor-element.elementor-element-35df029 > .elementor-motion-effects-container > .elementor-motion-effects-layer{background-image: url(\"https:\/\/www.semanaverde.es\/wp-content\/uploads\/2025\/06\/Rapa-das-Bestas-en-Abanca-Semana-Verde-2025-DSC06412-scaled.jpg\");}<\/style>\t\t<section class=\"elementor-section elementor-inner-section elementor-element elementor-element-35df029 elementor-section-full_width elementor-section-height-min-height elementor-section-height-default\" data-id=\"35df029\" data-element_type=\"section\" data-settings=\"{&quot;background_background&quot;:&quot;classic&quot;}\">\n\t\t\t\t\t\t<div class=\"elementor-container elementor-column-gap-no\">\n\t\t\t\t\t<div class=\"elementor-column elementor-col-100 elementor-inner-column elementor-element elementor-element-1cafc09\" data-id=\"1cafc09\" data-element_type=\"column\">\n\t\t\t<div class=\"elementor-widget-wrap\">\n\t\t\t\t\t\t\t\t\t<\/div>\n\t\t<\/div>\n\t\t\t\t\t\t\t<\/div>\n\t\t<\/section>\n\t\t\t\t<section class=\"elementor-section elementor-inner-section elementor-element elementor-element-5a7aa4e elementor-section-full_width elementor-section-height-default elementor-section-height-default\" data-id=\"5a7aa4e\" data-element_type=\"section\" data-settings=\"{&quot;background_background&quot;:&quot;classic&quot;}\">\n\t\t\t\t\t\t<div class=\"elementor-container elementor-column-gap-default\">\n\t\t\t\t\t<div class=\"elementor-column elementor-col-100 elementor-inner-column elementor-element elementor-element-f52386e\" data-id=\"f52386e\" data-element_type=\"column\">\n\t\t\t<div class=\"elementor-widget-wrap elementor-element-populated\">\n\t\t\t\t\t\t\t\t<div class=\"elementor-element elementor-element-f7e5506 elementor-widget elementor-widget-theme-post-title elementor-page-title elementor-widget-heading\" data-id=\"f7e5506\" data-element_type=\"widget\" data-widget_type=\"theme-post-title.default\">\n\t\t\t\t<div class=\"elementor-widget-container\">\n\t\t\t<h3 class=\"elementor-heading-title elementor-size-default\"><a href=\"https:\/\/www.semanaverde.es\/gl\/diversidad-y-espectacularidad-marcan-las-actividades-de-la-ultima-jornada-de-la-feria-abanca-semana-verde-2025\/\">Diversidade e espectacularidade marcan as actividades da \u00faltima xornada da feira Abanca Semana Verde 2025<\/a><\/h3>\t\t<\/div>\n\t\t\t\t<\/div>\n\t\t\t\t<div class=\"elementor-element elementor-element-f7319f8 elementor-widget elementor-widget-post-info\" data-id=\"f7319f8\" data-element_type=\"widget\" data-widget_type=\"post-info.default\">\n\t\t\t\t<div class=\"elementor-widget-container\">\n\t\t\t\t\t<ul class=\"elementor-inline-items elementor-icon-list-items elementor-post-info\">\n\t\t\t\t\t\t\t\t<li class=\"elementor-icon-list-item elementor-repeater-item-2cd20f6 elementor-inline-item\" itemprop=\"datePublished\">\n\t\t\t\t\t\t\t\t\t\t\t\t\t<span class=\"elementor-icon-list-text elementor-post-info__item elementor-post-info__item--type-date\">\n\t\t\t\t\t\t\t\t\t\t08.06.2025\t\t\t\t\t<\/span>\n\t\t\t\t\t\t\t\t<\/li>\n\t\t\t\t<\/ul>\n\t\t\t\t<\/div>\n\t\t\t\t<\/div>\n\t\t\t\t<div class=\"elementor-element elementor-element-5be9030 elementor-widget elementor-widget-text-editor\" data-id=\"5be9030\" data-element_type=\"widget\" data-widget_type=\"text-editor.default\">\n\t\t\t\t<div class=\"elementor-widget-container\">\n\t\t\t\t\t\t\tO I CONCURSO INTERRACIAL DE MANEXO DO PORCINO: PORCO CELTA VS GOCHU ASTURCELTA, ACTIVIDADES DO CAN DE PALLEIRO, O CONCURSO DE TORTILLA ESPA\u00d1OLA OU\t\t\t\t\t\t<\/div>\n\t\t\t\t<\/div>\n\t\t\t\t<div class=\"elementor-element elementor-element-b6017a1 elementor-widget elementor-widget-heading\" data-id=\"b6017a1\" data-element_type=\"widget\" data-widget_type=\"heading.default\">\n\t\t\t\t<div class=\"elementor-widget-container\">\n\t\t\t<p class=\"elementor-heading-title elementor-size-default\"><a href=\"https:\/\/www.semanaverde.es\/gl\/diversidad-y-espectacularidad-marcan-las-actividades-de-la-ultima-jornada-de-la-feria-abanca-semana-verde-2025\/\">+ info  <\/a><\/p>\t\t<\/div>\n\t\t\t\t<\/div>\n\t\t\t\t\t<\/div>\n\t\t<\/div>\n\t\t\t\t\t\t\t<\/div>\n\t\t<\/section>\n\t\t\t\t\t<\/div>\n\t\t<\/div>\n\t\t\t\t\t\t\t<\/div>\n\t\t<\/section>\n\t\t\t\t\t\t<\/div>\n\t\t\t\t<\/article>\n\t\t\t\t<\/div>\n\t\t\t\t<\/div>\n\t\t\t\t<\/div>\n\t\t\t\t\t<\/div>\n\t\t<\/div>\n\t\t\t\t\t\t\t<\/div>\n\t\t<\/section>\n\t\t\t\t<section class=\"elementor-section elementor-top-section elementor-element elementor-element-3f0c56e elementor-section-boxed elementor-section-height-default elementor-section-height-default\" data-id=\"3f0c56e\" data-element_type=\"section\" data-settings=\"{&quot;background_background&quot;:&quot;gradient&quot;}\">\n\t\t\t\t\t\t<div class=\"elementor-container elementor-column-gap-no\">\n\t\t\t\t\t<div class=\"elementor-column elementor-col-100 elementor-top-column elementor-element elementor-element-0adf45f elementor-invisible\" data-id=\"0adf45f\" data-element_type=\"column\" data-settings=\"{&quot;animation&quot;:&quot;fadeInLeft&quot;,&quot;animation_delay&quot;:100,&quot;animation_tablet&quot;:&quot;none&quot;}\">\n\t\t\t<div class=\"elementor-widget-wrap elementor-element-populated\">\n\t\t\t\t\t\t\t\t<section class=\"elementor-section elementor-inner-section elementor-element elementor-element-544e7ac elementor-section-boxed elementor-section-height-default elementor-section-height-default\" data-id=\"544e7ac\" data-element_type=\"section\">\n\t\t\t\t\t\t<div class=\"elementor-container elementor-column-gap-wide\">\n\t\t\t\t\t<div class=\"elementor-column elementor-col-100 elementor-inner-column elementor-element elementor-element-3cb092c elementor-invisible\" data-id=\"3cb092c\" data-element_type=\"column\" data-settings=\"{&quot;animation&quot;:&quot;fadeInLeft&quot;,&quot;animation_delay&quot;:100,&quot;animation_tablet&quot;:&quot;none&quot;}\">\n\t\t\t<div class=\"elementor-widget-wrap elementor-element-populated\">\n\t\t\t\t\t\t\t\t<div class=\"elementor-element elementor-element-53f9a27 elementor-view-default elementor-mobile-position-top elementor-vertical-align-top elementor-widget elementor-widget-icon-box\" data-id=\"53f9a27\" data-element_type=\"widget\" data-widget_type=\"icon-box.default\">\n\t\t\t\t<div class=\"elementor-widget-container\">\n\t\t\t<link rel=\"stylesheet\" href=\"https:\/\/www.semanaverde.es\/wp-content\/plugins\/elementor\/assets\/css\/widget-icon-box.min.css\">\t\t<div class=\"elementor-icon-box-wrapper\">\n\t\t\t\t\t\t<div class=\"elementor-icon-box-icon\">\n\t\t\t\t<a class=\"elementor-icon elementor-animation-\" href=\"https:\/\/www.semanaverde.es\/gl\/novas\/\">\n\t\t\t\t<i aria-hidden=\"true\" class=\"far fa-arrow-alt-circle-right\"><\/i>\t\t\t\t<\/a>\n\t\t\t<\/div>\n\t\t\t\t\t\t<div class=\"elementor-icon-box-content\">\n\t\t\t\t<h3 class=\"elementor-icon-box-title\">\n\t\t\t\t\t<a href=\"https:\/\/www.semanaverde.es\/gl\/novas\/\" >\n\t\t\t\t\t\tVer t\u00f3dolos comunicados de prensa\t\t\t\t\t<\/a>\n\t\t\t\t<\/h3>\n\t\t\t\t\t\t\t<\/div>\n\t\t<\/div>\n\t\t\t\t<\/div>\n\t\t\t\t<\/div>\n\t\t\t\t\t<\/div>\n\t\t<\/div>\n\t\t\t\t\t\t\t<\/div>\n\t\t<\/section>\n\t\t\t\t\t<\/div>\n\t\t<\/div>\n\t\t\t\t\t\t\t<\/div>\n\t\t<\/section>\n\t\t\t\t<section class=\"elementor-section elementor-top-section elementor-element elementor-element-ebc4096 elementor-section-boxed elementor-section-height-default elementor-section-height-default\" data-id=\"ebc4096\" data-element_type=\"section\">\n\t\t\t\t\t\t<div class=\"elementor-container elementor-column-gap-default\">\n\t\t\t\t\t<div class=\"elementor-column elementor-col-100 elementor-top-column elementor-element elementor-element-43c8641\" data-id=\"43c8641\" data-element_type=\"column\">\n\t\t\t<div class=\"elementor-widget-wrap elementor-element-populated\">\n\t\t\t\t\t\t\t\t<div class=\"elementor-element elementor-element-26f26e3 elementor-invisible elementor-widget elementor-widget-heading\" data-id=\"26f26e3\" data-element_type=\"widget\" data-settings=\"{&quot;_animation&quot;:&quot;fadeInUp&quot;,&quot;_animation_delay&quot;:100,&quot;_animation_tablet&quot;:&quot;none&quot;}\" data-widget_type=\"heading.default\">\n\t\t\t\t<div class=\"elementor-widget-container\">\n\t\t\t<h2 class=\"elementor-heading-title elementor-size-default\"><span style=\"font-size: 3.2rem; font-style: inherit; background-color: var(--base-3);\">SEMANA VERDE<\/span><\/h2>\t\t<\/div>\n\t\t\t\t<\/div>\n\t\t\t\t<div class=\"elementor-element elementor-element-2c8f4c7 elementor-invisible elementor-widget elementor-widget-heading\" data-id=\"2c8f4c7\" data-element_type=\"widget\" data-settings=\"{&quot;_animation&quot;:&quot;fadeInUp&quot;,&quot;_animation_delay&quot;:100,&quot;_animation_tablet&quot;:&quot;none&quot;}\" data-widget_type=\"heading.default\">\n\t\t\t\t<div class=\"elementor-widget-container\">\n\t\t\t<h5 class=\"elementor-heading-title elementor-size-default\"><span style=\"font-size: 1.8rem; font-style: inherit; background-color: var(--base-3);\">48\u00aa Feira Internacional Abanca Semana Verde de Galicia<\/span><\/h5>\t\t<\/div>\n\t\t\t\t<\/div>\n\t\t\t\t\t<\/div>\n\t\t<\/div>\n\t\t\t\t\t\t\t<\/div>\n\t\t<\/section>\n\t\t\t\t<section class=\"elementor-section elementor-top-section elementor-element elementor-element-bd91873 elementor-section-full_width elementor-section-height-min-height elementor-section-items-stretch elementor-section-height-default\" data-id=\"bd91873\" data-element_type=\"section\">\n\t\t\t\t\t\t<div class=\"elementor-container elementor-column-gap-no\">\n\t\t\t\t\t<div class=\"elementor-column elementor-col-50 elementor-top-column elementor-element elementor-element-416690b elementor-invisible\" data-id=\"416690b\" data-element_type=\"column\" data-settings=\"{&quot;animation&quot;:&quot;fadeInLeft&quot;,&quot;animation_delay&quot;:100,&quot;animation_tablet&quot;:&quot;none&quot;}\">\n\t\t\t<div class=\"elementor-widget-wrap elementor-element-populated\">\n\t\t\t\t\t\t\t\t<div class=\"elementor-element elementor-element-2bedc8e elementor-widget__width-initial elementor-widget-tablet__width-inherit elementor-widget elementor-widget-text-editor\" data-id=\"2bedc8e\" data-element_type=\"widget\" data-widget_type=\"text-editor.default\">\n\t\t\t\t<div class=\"elementor-widget-container\">\n\t\t\t\t\t\t\t<p>Amplamente co\u00f1ecido, este certame \u00e9 \u00fanico no calendario feiral por unir negocio e entretemento con enorme atractivo e efectividade.<\/p><p>Cami\u00f1o da s\u00faa 48\u00aa edici\u00f3n, destacou sempre polo seu gran valor como ferramenta comercial e por contar cun extraordinario respaldo do p\u00fablico, con decenas de miles de visitantes cada ano. Unha solidez e resultados que van a m\u00e1is, reflect\u00edndose tanto na constante confianza de empresas de gran diversidade de \u00e1mbitos como nunha cada vez maior presenza institucional.<\/p><p>Este respaldo expositivo e de p\u00fablico converteuna na gran feira multisectorial de mostras e lecer do noroeste peninsular, mantendo o seu forte v\u00ednculo co sector primario e ao mesmo tempo enriquec\u00e9ndose con novos sectores.<\/p><p>A Feira Internacional Abanca Semana Verde de Galicia \u00e9, por tanto, unha cita anual de referencia pola s\u00faa insuperable capacidade para xerar vendas, achegarse ao consumidor, afianzar imaxe de marca ou establecer alianzas.<\/p>\t\t\t\t\t\t<\/div>\n\t\t\t\t<\/div>\n\t\t\t\t\t<\/div>\n\t\t<\/div>\n\t\t\t\t<div class=\"elementor-column elementor-col-50 elementor-top-column elementor-element elementor-element-93b00d6 elementor-invisible\" data-id=\"93b00d6\" data-element_type=\"column\" data-settings=\"{&quot;background_background&quot;:&quot;classic&quot;,&quot;animation&quot;:&quot;fadeInRight&quot;,&quot;animation_delay&quot;:100,&quot;animation_tablet&quot;:&quot;none&quot;}\">\n\t\t\t<div class=\"elementor-widget-wrap elementor-element-populated\">\n\t\t\t\t\t\t\t\t<div class=\"elementor-element elementor-element-22d8801 elementor-hidden-desktop elementor-widget elementor-widget-spacer\" data-id=\"22d8801\" data-element_type=\"widget\" data-widget_type=\"spacer.default\">\n\t\t\t\t<div class=\"elementor-widget-container\">\n\t\t\t<style>\/*! elementor - v3.11.5 - 14-03-2023 *\/\n.elementor-column .elementor-spacer-inner{height:var(--spacer-size)}.e-con{--container-widget-width:100%}.e-con-inner>.elementor-widget-spacer,.e-con>.elementor-widget-spacer{width:var(--container-widget-width,var(--spacer-size));--align-self:var(--container-widget-align-self,initial);--flex-shrink:0}.e-con-inner>.elementor-widget-spacer>.elementor-widget-container,.e-con-inner>.elementor-widget-spacer>.elementor-widget-container>.elementor-spacer,.e-con>.elementor-widget-spacer>.elementor-widget-container,.e-con>.elementor-widget-spacer>.elementor-widget-container>.elementor-spacer{height:100%}.e-con-inner>.elementor-widget-spacer>.elementor-widget-container>.elementor-spacer>.elementor-spacer-inner,.e-con>.elementor-widget-spacer>.elementor-widget-container>.elementor-spacer>.elementor-spacer-inner{height:var(--container-widget-height,var(--spacer-size))}<\/style>\t\t<div class=\"elementor-spacer\">\n\t\t\t<div class=\"elementor-spacer-inner\"><\/div>\n\t\t<\/div>\n\t\t\t\t<\/div>\n\t\t\t\t<\/div>\n\t\t\t\t\t<\/div>\n\t\t<\/div>\n\t\t\t\t\t\t\t<\/div>\n\t\t<\/section>\n\t\t\t\t<section class=\"elementor-section elementor-top-section elementor-element elementor-element-6a62e8c elementor-section-boxed elementor-section-height-default elementor-section-height-default\" data-id=\"6a62e8c\" data-element_type=\"section\" data-settings=\"{&quot;background_background&quot;:&quot;gradient&quot;}\">\n\t\t\t\t\t\t<div class=\"elementor-container elementor-column-gap-wide\">\n\t\t\t\t\t<div class=\"elementor-column elementor-col-25 elementor-top-column elementor-element elementor-element-d1e6ae1 elementor-invisible\" data-id=\"d1e6ae1\" data-element_type=\"column\" data-settings=\"{&quot;animation&quot;:&quot;fadeInLeft&quot;,&quot;animation_delay&quot;:100,&quot;animation_tablet&quot;:&quot;none&quot;}\">\n\t\t\t<div class=\"elementor-widget-wrap elementor-element-populated\">\n\t\t\t\t\t\t\t\t<div class=\"elementor-element elementor-element-f65af03 elementor-view-default elementor-mobile-position-top elementor-vertical-align-top elementor-widget elementor-widget-icon-box\" data-id=\"f65af03\" data-element_type=\"widget\" data-widget_type=\"icon-box.default\">\n\t\t\t\t<div class=\"elementor-widget-container\">\n\t\t\t\t\t<div class=\"elementor-icon-box-wrapper\">\n\t\t\t\t\t\t<div class=\"elementor-icon-box-icon\">\n\t\t\t\t<span class=\"elementor-icon elementor-animation-\" >\n\t\t\t\t<i aria-hidden=\"true\" class=\"far fa-calendar-alt\"><\/i>\t\t\t\t<\/span>\n\t\t\t<\/div>\n\t\t\t\t\t\t<div class=\"elementor-icon-box-content\">\n\t\t\t\t<h3 class=\"elementor-icon-box-title\">\n\t\t\t\t\t<span  >\n\t\t\t\t\t\tDatas\t\t\t\t\t<\/span>\n\t\t\t\t<\/h3>\n\t\t\t\t\t\t\t\t\t<p class=\"elementor-icon-box-description\">\n\t\t\t\t\t\t4 - 7 de xu\u00f1o 2026. <br>Entrada gratu\u00edta.\t\t\t\t\t<\/p>\n\t\t\t\t\t\t\t<\/div>\n\t\t<\/div>\n\t\t\t\t<\/div>\n\t\t\t\t<\/div>\n\t\t\t\t\t<\/div>\n\t\t<\/div>\n\t\t\t\t<div class=\"elementor-column elementor-col-25 elementor-top-column elementor-element elementor-element-b2765f7 elementor-invisible\" data-id=\"b2765f7\" data-element_type=\"column\" data-settings=\"{&quot;animation&quot;:&quot;fadeInLeft&quot;,&quot;animation_delay&quot;:300,&quot;animation_tablet&quot;:&quot;none&quot;}\">\n\t\t\t<div class=\"elementor-widget-wrap elementor-element-populated\">\n\t\t\t\t\t\t\t\t<div class=\"elementor-element elementor-element-aeeadb6 elementor-view-default elementor-mobile-position-top elementor-vertical-align-top elementor-widget elementor-widget-icon-box\" data-id=\"aeeadb6\" data-element_type=\"widget\" data-widget_type=\"icon-box.default\">\n\t\t\t\t<div class=\"elementor-widget-container\">\n\t\t\t\t\t<div class=\"elementor-icon-box-wrapper\">\n\t\t\t\t\t\t<div class=\"elementor-icon-box-icon\">\n\t\t\t\t<span class=\"elementor-icon elementor-animation-\" >\n\t\t\t\t<i aria-hidden=\"true\" class=\"far fa-user-circle\"><\/i>\t\t\t\t<\/span>\n\t\t\t<\/div>\n\t\t\t\t\t\t<div class=\"elementor-icon-box-content\">\n\t\t\t\t<h3 class=\"elementor-icon-box-title\">\n\t\t\t\t\t<span  >\n\t\t\t\t\t\tPerfil\t\t\t\t\t<\/span>\n\t\t\t\t<\/h3>\n\t\t\t\t\t\t\t\t\t<p class=\"elementor-icon-box-description\">\n\t\t\t\t\t\t<span style=\"white-space: normal;\">Xoves e venres, preferentemente profesional&nbsp;<\/span><r style=\"white-space: normal;\">para os sectores de turismo e alimentaci\u00f3n, pero pode visitar a feira igualmente.<\/r><r>\nS\u00e1bado e domingo,\n p\u00fablico xeral.<\/r>\t\t\t\t\t<\/p>\n\t\t\t\t\t\t\t<\/div>\n\t\t<\/div>\n\t\t\t\t<\/div>\n\t\t\t\t<\/div>\n\t\t\t\t\t<\/div>\n\t\t<\/div>\n\t\t\t\t<div class=\"elementor-column elementor-col-25 elementor-top-column elementor-element elementor-element-ae5fe69 elementor-invisible\" data-id=\"ae5fe69\" data-element_type=\"column\" data-settings=\"{&quot;animation&quot;:&quot;fadeInLeft&quot;,&quot;animation_delay&quot;:500,&quot;animation_tablet&quot;:&quot;none&quot;}\">\n\t\t\t<div class=\"elementor-widget-wrap elementor-element-populated\">\n\t\t\t\t\t\t\t\t<div class=\"elementor-element elementor-element-45ed1ba elementor-view-default elementor-mobile-position-top elementor-vertical-align-top elementor-widget elementor-widget-icon-box\" data-id=\"45ed1ba\" data-element_type=\"widget\" data-widget_type=\"icon-box.default\">\n\t\t\t\t<div class=\"elementor-widget-container\">\n\t\t\t\t\t<div class=\"elementor-icon-box-wrapper\">\n\t\t\t\t\t\t<div class=\"elementor-icon-box-icon\">\n\t\t\t\t<span class=\"elementor-icon elementor-animation-\" >\n\t\t\t\t<i aria-hidden=\"true\" class=\"fas fa-map-marker-alt\"><\/i>\t\t\t\t<\/span>\n\t\t\t<\/div>\n\t\t\t\t\t\t<div class=\"elementor-icon-box-content\">\n\t\t\t\t<h3 class=\"elementor-icon-box-title\">\n\t\t\t\t\t<span  >\n\t\t\t\t\t\tLocalizaci\u00f3n\t\t\t\t\t<\/span>\n\t\t\t\t<\/h3>\n\t\t\t\t\t\t\t\t\t<p class=\"elementor-icon-box-description\">\n\t\t\t\t\t\tFeira Internacional de Galicia.<br> Abanca - Silleda\n(preto de Santiago de Compostela \u2013 Espa\u00f1a).\t\t\t\t\t<\/p>\n\t\t\t\t\t\t\t<\/div>\n\t\t<\/div>\n\t\t\t\t<\/div>\n\t\t\t\t<\/div>\n\t\t\t\t\t<\/div>\n\t\t<\/div>\n\t\t\t\t<div class=\"elementor-column elementor-col-25 elementor-top-column elementor-element elementor-element-b273f25 elementor-invisible\" data-id=\"b273f25\" data-element_type=\"column\" data-settings=\"{&quot;animation&quot;:&quot;fadeInLeft&quot;,&quot;animation_delay&quot;:700,&quot;animation_tablet&quot;:&quot;none&quot;}\">\n\t\t\t<div class=\"elementor-widget-wrap elementor-element-populated\">\n\t\t\t\t\t\t\t\t<div class=\"elementor-element elementor-element-cd2e58d elementor-view-default elementor-mobile-position-top elementor-vertical-align-top elementor-widget elementor-widget-icon-box\" data-id=\"cd2e58d\" data-element_type=\"widget\" data-widget_type=\"icon-box.default\">\n\t\t\t\t<div class=\"elementor-widget-container\">\n\t\t\t\t\t<div class=\"elementor-icon-box-wrapper\">\n\t\t\t\t\t\t<div class=\"elementor-icon-box-icon\">\n\t\t\t\t<span class=\"elementor-icon elementor-animation-\" >\n\t\t\t\t<i aria-hidden=\"true\" class=\"far fa-star\"><\/i>\t\t\t\t<\/span>\n\t\t\t<\/div>\n\t\t\t\t\t\t<div class=\"elementor-icon-box-content\">\n\t\t\t\t<h3 class=\"elementor-icon-box-title\">\n\t\t\t\t\t<span  >\n\t\t\t\t\t\tAcceso\t\t\t\t\t<\/span>\n\t\t\t\t<\/h3>\n\t\t\t\t\t\t\t\t\t<p class=\"elementor-icon-box-description\">\n\t\t\t\t\t\tEntrada gratu\u00edta.<br>Xoves e venres de 10:00 a 20:00 h.<br>Fin de semana de 10:00 a 21:00 h.\t\t\t\t\t<\/p>\n\t\t\t\t\t\t\t<\/div>\n\t\t<\/div>\n\t\t\t\t<\/div>\n\t\t\t\t<\/div>\n\t\t\t\t\t<\/div>\n\t\t<\/div>\n\t\t\t\t\t\t\t<\/div>\n\t\t<\/section>\n\t\t\t\t<section class=\"elementor-section elementor-top-section elementor-element elementor-element-301e6d5 elementor-section-boxed elementor-section-height-default elementor-section-height-default\" data-id=\"301e6d5\" data-element_type=\"section\">\n\t\t\t\t\t\t<div class=\"elementor-container elementor-column-gap-default\">\n\t\t\t\t\t<div class=\"elementor-column elementor-col-100 elementor-top-column elementor-element elementor-element-77791be\" data-id=\"77791be\" data-element_type=\"column\">\n\t\t\t<div class=\"elementor-widget-wrap elementor-element-populated\">\n\t\t\t\t\t\t\t\t<div class=\"elementor-element elementor-element-c3e7db0 elementor-invisible elementor-widget elementor-widget-image\" data-id=\"c3e7db0\" data-element_type=\"widget\" data-settings=\"{&quot;_animation&quot;:&quot;fadeInUp&quot;,&quot;_animation_delay&quot;:100,&quot;_animation_tablet&quot;:&quot;none&quot;}\" data-widget_type=\"image.default\">\n\t\t\t\t<div class=\"elementor-widget-container\">\n\t\t\t\t\t\t\t\t\t\t\t\t\t\t\t<img decoding=\"async\" src=\"https:\/\/www.semanaverde.es\/wp-content\/uploads\/elementor\/thumbs\/logo-semana-verde-pnw3xhccsq4g6z2w3y6zacal27k8t0io0jrqrrgsms.png\" title=\"logo semana verde\" alt=\"logo semana verde\" loading=\"lazy\" \/>\t\t\t\t\t\t\t\t\t\t\t\t\t\t\t<\/div>\n\t\t\t\t<\/div>\n\t\t\t\t<div class=\"elementor-element elementor-element-c1bf270 sedexpo-heading-underline elementor-invisible elementor-widget elementor-widget-heading\" data-id=\"c1bf270\" data-element_type=\"widget\" data-settings=\"{&quot;_animation&quot;:&quot;fadeInUp&quot;,&quot;_animation_delay&quot;:100,&quot;_animation_tablet&quot;:&quot;none&quot;}\" data-widget_type=\"heading.default\">\n\t\t\t\t<div class=\"elementor-widget-container\">\n\t\t\t<h2 class=\"elementor-heading-title elementor-size-default\">\u00bfQueres acompa\u00f1arnos como expositor?<\/h2>\t\t<\/div>\n\t\t\t\t<\/div>\n\t\t\t\t\t<\/div>\n\t\t<\/div>\n\t\t\t\t\t\t\t<\/div>\n\t\t<\/section>\n\t\t\t\t<section class=\"elementor-section elementor-top-section elementor-element elementor-element-f21d21e elementor-section-full_width elementor-section-height-min-height elementor-section-items-stretch elementor-reverse-tablet elementor-reverse-mobile elementor-section-height-default\" data-id=\"f21d21e\" data-element_type=\"section\">\n\t\t\t\t\t\t<div class=\"elementor-container elementor-column-gap-no\">\n\t\t\t\t\t<div class=\"elementor-column elementor-col-50 elementor-top-column elementor-element elementor-element-c4fa406 elementor-invisible\" data-id=\"c4fa406\" data-element_type=\"column\" data-settings=\"{&quot;background_background&quot;:&quot;classic&quot;,&quot;animation&quot;:&quot;fadeInLeft&quot;,&quot;animation_delay&quot;:100,&quot;animation_tablet&quot;:&quot;none&quot;}\">\n\t\t\t<div class=\"elementor-widget-wrap elementor-element-populated\">\n\t\t\t\t\t\t\t\t<div class=\"elementor-element elementor-element-8e2f107 elementor-hidden-desktop elementor-widget elementor-widget-spacer\" data-id=\"8e2f107\" data-element_type=\"widget\" data-widget_type=\"spacer.default\">\n\t\t\t\t<div class=\"elementor-widget-container\">\n\t\t\t\t\t<div class=\"elementor-spacer\">\n\t\t\t<div class=\"elementor-spacer-inner\"><\/div>\n\t\t<\/div>\n\t\t\t\t<\/div>\n\t\t\t\t<\/div>\n\t\t\t\t\t<\/div>\n\t\t<\/div>\n\t\t\t\t<div class=\"elementor-column elementor-col-50 elementor-top-column elementor-element elementor-element-72cbc76 elementor-invisible\" data-id=\"72cbc76\" data-element_type=\"column\" data-settings=\"{&quot;animation&quot;:&quot;fadeInRight&quot;,&quot;animation_delay&quot;:100,&quot;animation_tablet&quot;:&quot;none&quot;}\">\n\t\t\t<div class=\"elementor-widget-wrap elementor-element-populated\">\n\t\t\t\t\t\t\t\t<div class=\"elementor-element elementor-element-89740d0 elementor-widget-tablet__width-inherit elementor-widget elementor-widget-heading\" data-id=\"89740d0\" data-element_type=\"widget\" data-widget_type=\"heading.default\">\n\t\t\t\t<div class=\"elementor-widget-container\">\n\t\t\t<h3 class=\"elementor-heading-title elementor-size-default\">\u00a1Non deixes escapar a oportunidade de participar nun evento \u00fanico!<\/h3>\t\t<\/div>\n\t\t\t\t<\/div>\n\t\t\t\t<div class=\"elementor-element elementor-element-8433c40 elementor-widget-tablet__width-inherit elementor-widget elementor-widget-text-editor\" data-id=\"8433c40\" data-element_type=\"widget\" data-widget_type=\"text-editor.default\">\n\t\t\t\t<div class=\"elementor-widget-container\">\n\t\t\t\t\t\t\t<p>Un escaparate perfecto no que ter\u00e1n cabida t\u00f3dolos axentes destacados do sector:<\/p>\t\t\t\t\t\t<\/div>\n\t\t\t\t<\/div>\n\t\t\t\t<div class=\"elementor-element elementor-element-1d66ce0 elementor-widget-tablet__width-inherit elementor-icon-list--layout-traditional elementor-list-item-link-full_width elementor-widget elementor-widget-icon-list\" data-id=\"1d66ce0\" data-element_type=\"widget\" data-widget_type=\"icon-list.default\">\n\t\t\t\t<div class=\"elementor-widget-container\">\n\t\t\t\t\t<ul class=\"elementor-icon-list-items\">\n\t\t\t\t\t\t\t<li class=\"elementor-icon-list-item\">\n\t\t\t\t\t\t\t\t\t\t\t<span class=\"elementor-icon-list-icon\">\n\t\t\t\t\t\t\t<i aria-hidden=\"true\" class=\"fas fa-angle-right\"><\/i>\t\t\t\t\t\t<\/span>\n\t\t\t\t\t\t\t\t\t\t<span class=\"elementor-icon-list-text\">Industria agroalimentaria<\/span>\n\t\t\t\t\t\t\t\t\t<\/li>\n\t\t\t\t\t\t\t\t<li class=\"elementor-icon-list-item\">\n\t\t\t\t\t\t\t\t\t\t\t<span class=\"elementor-icon-list-icon\">\n\t\t\t\t\t\t\t<i aria-hidden=\"true\" class=\"fas fa-angle-right\"><\/i>\t\t\t\t\t\t<\/span>\n\t\t\t\t\t\t\t\t\t\t<span class=\"elementor-icon-list-text\">Pequenos produtores<\/span>\n\t\t\t\t\t\t\t\t\t<\/li>\n\t\t\t\t\t\t\t\t<li class=\"elementor-icon-list-item\">\n\t\t\t\t\t\t\t\t\t\t\t<span class=\"elementor-icon-list-icon\">\n\t\t\t\t\t\t\t<i aria-hidden=\"true\" class=\"fas fa-angle-right\"><\/i>\t\t\t\t\t\t<\/span>\n\t\t\t\t\t\t\t\t\t\t<span class=\"elementor-icon-list-text\">Entidades de promoci\u00f3n agroalimentaria<\/span>\n\t\t\t\t\t\t\t\t\t<\/li>\n\t\t\t\t\t\t\t\t<li class=\"elementor-icon-list-item\">\n\t\t\t\t\t\t\t\t\t\t\t<span class=\"elementor-icon-list-icon\">\n\t\t\t\t\t\t\t<i aria-hidden=\"true\" class=\"fas fa-angle-right\"><\/i>\t\t\t\t\t\t<\/span>\n\t\t\t\t\t\t\t\t\t\t<span class=\"elementor-icon-list-text\">Gran distribuci\u00f3n<\/span>\n\t\t\t\t\t\t\t\t\t<\/li>\n\t\t\t\t\t\t\t\t<li class=\"elementor-icon-list-item\">\n\t\t\t\t\t\t\t\t\t\t\t<span class=\"elementor-icon-list-icon\">\n\t\t\t\t\t\t\t<i aria-hidden=\"true\" class=\"fas fa-angle-right\"><\/i>\t\t\t\t\t\t<\/span>\n\t\t\t\t\t\t\t\t\t\t<span class=\"elementor-icon-list-text\">Venda directa<\/span>\n\t\t\t\t\t\t\t\t\t<\/li>\n\t\t\t\t\t\t\t\t<li class=\"elementor-icon-list-item\">\n\t\t\t\t\t\t\t\t\t\t\t<span class=\"elementor-icon-list-icon\">\n\t\t\t\t\t\t\t<i aria-hidden=\"true\" class=\"fas fa-angle-right\"><\/i>\t\t\t\t\t\t<\/span>\n\t\t\t\t\t\t\t\t\t\t<span class=\"elementor-icon-list-text\">Restaurantes e gastronom\u00eda<\/span>\n\t\t\t\t\t\t\t\t\t<\/li>\n\t\t\t\t\t\t\t\t<li class=\"elementor-icon-list-item\">\n\t\t\t\t\t\t\t\t\t\t\t<span class=\"elementor-icon-list-icon\">\n\t\t\t\t\t\t\t<i aria-hidden=\"true\" class=\"fas fa-angle-right\"><\/i>\t\t\t\t\t\t<\/span>\n\t\t\t\t\t\t\t\t\t\t<span class=\"elementor-icon-list-text\">Equipamento e utensilios<\/span>\n\t\t\t\t\t\t\t\t\t<\/li>\n\t\t\t\t\t\t\t\t<li class=\"elementor-icon-list-item\">\n\t\t\t\t\t\t\t\t\t\t\t<span class=\"elementor-icon-list-icon\">\n\t\t\t\t\t\t\t<i aria-hidden=\"true\" class=\"fas fa-angle-right\"><\/i>\t\t\t\t\t\t<\/span>\n\t\t\t\t\t\t\t\t\t\t<span class=\"elementor-icon-list-text\">Tecnolox\u00eda aplicada<\/span>\n\t\t\t\t\t\t\t\t\t<\/li>\n\t\t\t\t\t\t\t\t<li class=\"elementor-icon-list-item\">\n\t\t\t\t\t\t\t\t\t\t\t<span class=\"elementor-icon-list-icon\">\n\t\t\t\t\t\t\t<i aria-hidden=\"true\" class=\"fas fa-angle-right\"><\/i>\t\t\t\t\t\t<\/span>\n\t\t\t\t\t\t\t\t\t\t<span class=\"elementor-icon-list-text\">Centros de formaci\u00f3n e investigaci\u00f3n<\/span>\n\t\t\t\t\t\t\t\t\t<\/li>\n\t\t\t\t\t\t\t\t<li class=\"elementor-icon-list-item\">\n\t\t\t\t\t\t\t\t\t\t\t<span class=\"elementor-icon-list-icon\">\n\t\t\t\t\t\t\t<i aria-hidden=\"true\" class=\"fas fa-angle-right\"><\/i>\t\t\t\t\t\t<\/span>\n\t\t\t\t\t\t\t\t\t\t<span class=\"elementor-icon-list-text\">Editoriais e prensa t\u00e9cnica<\/span>\n\t\t\t\t\t\t\t\t\t<\/li>\n\t\t\t\t\t\t\t\t<li class=\"elementor-icon-list-item\">\n\t\t\t\t\t\t\t\t\t\t\t<span class=\"elementor-icon-list-icon\">\n\t\t\t\t\t\t\t<i aria-hidden=\"true\" class=\"fas fa-angle-right\"><\/i>\t\t\t\t\t\t<\/span>\n\t\t\t\t\t\t\t\t\t\t<span class=\"elementor-icon-list-text\">Organismos de certificaci\u00f3n e reguladores<\/span>\n\t\t\t\t\t\t\t\t\t<\/li>\n\t\t\t\t\t\t\t\t<li class=\"elementor-icon-list-item\">\n\t\t\t\t\t\t\t\t\t\t\t<span class=\"elementor-icon-list-icon\">\n\t\t\t\t\t\t\t<i aria-hidden=\"true\" class=\"fas fa-angle-right\"><\/i>\t\t\t\t\t\t<\/span>\n\t\t\t\t\t\t\t\t\t\t<span class=\"elementor-icon-list-text\">Outras entidades p\u00fablicas<\/span>\n\t\t\t\t\t\t\t\t\t<\/li>\n\t\t\t\t\t\t\t\t<li class=\"elementor-icon-list-item\">\n\t\t\t\t\t\t\t\t\t\t\t<span class=\"elementor-icon-list-icon\">\n\t\t\t\t\t\t\t<i aria-hidden=\"true\" class=\"fas fa-angle-right\"><\/i>\t\t\t\t\t\t<\/span>\n\t\t\t\t\t\t\t\t\t\t<span class=\"elementor-icon-list-text\">Entidades financeiras e aseguradoras<\/span>\n\t\t\t\t\t\t\t\t\t<\/li>\n\t\t\t\t\t\t<\/ul>\n\t\t\t\t<\/div>\n\t\t\t\t<\/div>\n\t\t\t\t\t<\/div>\n\t\t<\/div>\n\t\t\t\t\t\t\t<\/div>\n\t\t<\/section>\n\t\t\t\t<section class=\"elementor-section elementor-top-section elementor-element elementor-element-b8279a3 elementor-hidden-desktop elementor-hidden-tablet elementor-hidden-mobile elementor-section-boxed elementor-section-height-default elementor-section-height-default\" data-id=\"b8279a3\" data-element_type=\"section\">\n\t\t\t\t\t\t<div class=\"elementor-container elementor-column-gap-default\">\n\t\t\t\t\t<div class=\"elementor-column elementor-col-100 elementor-top-column elementor-element elementor-element-4034bfc\" data-id=\"4034bfc\" data-element_type=\"column\">\n\t\t\t<div class=\"elementor-widget-wrap elementor-element-populated\">\n\t\t\t\t\t\t\t\t<div class=\"elementor-element elementor-element-d341e85 elementor-widget elementor-widget-image\" data-id=\"d341e85\" data-element_type=\"widget\" data-widget_type=\"image.default\">\n\t\t\t\t<div class=\"elementor-widget-container\">\n\t\t\t\t\t\t\t\t\t\t\t\t\t\t\t\t<a href=\"https:\/\/docs.google.com\/forms\/d\/1pydY3iPyoExUNr6yUkCb1kDQEIlXXhdcZSzgohpECyU\/edit\" target=\"_blank\">\n\t\t\t\t\t\t\t<img loading=\"lazy\" decoding=\"async\" width=\"1362\" height=\"236\" src=\"https:\/\/www.semanaverde.es\/wp-content\/uploads\/2023\/05\/servizo_de_autobuses.jpg\" class=\"attachment-full size-full wp-image-3291\" alt=\"\" srcset=\"https:\/\/www.semanaverde.es\/wp-content\/uploads\/2023\/05\/servizo_de_autobuses.jpg 1362w, https:\/\/www.semanaverde.es\/wp-content\/uploads\/2023\/05\/servizo_de_autobuses-300x52.jpg 300w, https:\/\/www.semanaverde.es\/wp-content\/uploads\/2023\/05\/servizo_de_autobuses-1024x177.jpg 1024w, https:\/\/www.semanaverde.es\/wp-content\/uploads\/2023\/05\/servizo_de_autobuses-768x133.jpg 768w\" sizes=\"auto, (max-width: 1362px) 100vw, 1362px\" \/>\t\t\t\t\t\t\t\t<\/a>\n\t\t\t\t\t\t\t\t\t\t\t\t\t\t\t<\/div>\n\t\t\t\t<\/div>\n\t\t\t\t\t<\/div>\n\t\t<\/div>\n\t\t\t\t\t\t\t<\/div>\n\t\t<\/section>\n\t\t\t\t\t\t\t<\/div>\n\t\t","protected":false},"excerpt":{"rendered":"<p>SILLEDA &#8211; GALICIA &#8211; ESPA\u00d1A4 &#8211; 7 de XU\u00d1O de 2026 FEIRA INTERNACIONAL ABANCA SEMANA VERDE DE GALICIA SILLEDA &#8211; GALICIA &#8211; ESPA\u00d1A4 &#8211; 7<\/p>\n","protected":false},"author":1,"featured_media":0,"parent":0,"menu_order":0,"comment_status":"closed","ping_status":"closed","template":"elementor_header_footer","meta":{"footnotes":""},"class_list":["post-1506","page","type-page","status-publish","hentry"],"acf":[],"yoast_head":"<!-- This site is optimized with the Yoast SEO plugin v18.1 - https:\/\/yoast.com\/wordpress\/plugins\/seo\/ -->\n<title>Feira Abanca Semana Verde de Galicia<\/title>\n<meta name=\"description\" content=\"Cel\u00e9brase en Silleda, do 4 ao 7 de xu\u00f1o de 2026.\" \/>\n<meta name=\"robots\" content=\"index, follow, max-snippet:-1, max-image-preview:large, max-video-preview:-1\" \/>\n<link rel=\"canonical\" href=\"https:\/\/www.semanaverde.es\/gl\/\" \/>\n<meta property=\"og:locale\" content=\"gl_ES\" \/>\n<meta property=\"og:type\" content=\"article\" \/>\n<meta property=\"og:title\" content=\"Feira Abanca Semana Verde de Galicia\" \/>\n<meta property=\"og:description\" content=\"Cel\u00e9brase en Silleda, do 4 ao 7 de xu\u00f1o de 2026.\" \/>\n<meta property=\"og:url\" content=\"https:\/\/www.semanaverde.es\/gl\/\" \/>\n<meta property=\"og:site_name\" content=\"Feria Abanca Semana Verde de Galicia 2022\" \/>\n<meta property=\"article:publisher\" content=\"https:\/\/www.facebook.com\/semanaverde\" \/>\n<meta property=\"article:modified_time\" content=\"2026-02-16T10:37:56+00:00\" \/>\n<meta property=\"og:image\" content=\"https:\/\/www.semanaverde.es\/wp-content\/uploads\/2022\/04\/logo-semana-verde.png\" \/>\n<meta name=\"twitter:card\" content=\"summary_large_image\" \/>\n<meta name=\"twitter:site\" content=\"@semanaverde\" \/>\n<meta name=\"twitter:label1\" content=\"Tempo de lectura\" \/>\n\t<meta name=\"twitter:data1\" content=\"11 minutos\" \/>\n<script type=\"application\/ld+json\" class=\"yoast-schema-graph\">{\"@context\":\"https:\/\/schema.org\",\"@graph\":[{\"@type\":\"Organization\",\"@id\":\"https:\/\/www.semanaverde.es\/gl\/#organization\",\"name\":\"Feria Abanca Semana Verde de Galicia - Silleda\",\"url\":\"https:\/\/www.semanaverde.es\/gl\/\",\"sameAs\":[\"https:\/\/www.facebook.com\/semanaverde\",\"https:\/\/es.linkedin.com\/company\/feira-internacional-de-galicia---figa\",\"https:\/\/twitter.com\/semanaverde\"],\"logo\":{\"@type\":\"ImageObject\",\"@id\":\"https:\/\/www.semanaverde.es\/gl\/#logo\",\"inLanguage\":\"gl-ES\",\"url\":\"https:\/\/www.semanaverde.es\/wp-content\/uploads\/2022\/04\/logo-semana-verde.png\",\"contentUrl\":\"https:\/\/www.semanaverde.es\/wp-content\/uploads\/2022\/04\/logo-semana-verde.png\",\"width\":312,\"height\":310,\"caption\":\"Feria Abanca Semana Verde de Galicia - Silleda\"},\"image\":{\"@id\":\"https:\/\/www.semanaverde.es\/gl\/#logo\"}},{\"@type\":\"WebSite\",\"@id\":\"https:\/\/www.semanaverde.es\/gl\/#website\",\"url\":\"https:\/\/www.semanaverde.es\/gl\/\",\"name\":\"Feria Abanca Semana Verde de Galicia 2022\",\"description\":\"La feria Abanca Semana Verde de Galicia se celebra en Silleda del 2 al 5 de junio 2022\",\"publisher\":{\"@id\":\"https:\/\/www.semanaverde.es\/gl\/#organization\"},\"potentialAction\":[{\"@type\":\"SearchAction\",\"target\":{\"@type\":\"EntryPoint\",\"urlTemplate\":\"https:\/\/www.semanaverde.es\/gl\/?s={search_term_string}\"},\"query-input\":\"required name=search_term_string\"}],\"inLanguage\":\"gl-ES\"},{\"@type\":\"ImageObject\",\"@id\":\"https:\/\/www.semanaverde.es\/gl\/#primaryimage\",\"inLanguage\":\"gl-ES\",\"url\":\"https:\/\/www.semanaverde.es\/wp-content\/uploads\/2022\/04\/logo-semana-verde.png\",\"contentUrl\":\"https:\/\/www.semanaverde.es\/wp-content\/uploads\/2022\/04\/logo-semana-verde.png\",\"width\":312,\"height\":310},{\"@type\":\"WebPage\",\"@id\":\"https:\/\/www.semanaverde.es\/gl\/#webpage\",\"url\":\"https:\/\/www.semanaverde.es\/gl\/\",\"name\":\"Feira Abanca Semana Verde de Galicia\",\"isPartOf\":{\"@id\":\"https:\/\/www.semanaverde.es\/gl\/#website\"},\"primaryImageOfPage\":{\"@id\":\"https:\/\/www.semanaverde.es\/gl\/#primaryimage\"},\"datePublished\":\"2022-03-09T14:10:09+00:00\",\"dateModified\":\"2026-02-16T10:37:56+00:00\",\"description\":\"Cel\u00e9brase en Silleda, do 4 ao 7 de xu\u00f1o de 2026.\",\"breadcrumb\":{\"@id\":\"https:\/\/www.semanaverde.es\/gl\/#breadcrumb\"},\"inLanguage\":\"gl-ES\",\"potentialAction\":[{\"@type\":\"ReadAction\",\"target\":[\"https:\/\/www.semanaverde.es\/gl\/\"]}]},{\"@type\":\"BreadcrumbList\",\"@id\":\"https:\/\/www.semanaverde.es\/gl\/#breadcrumb\",\"itemListElement\":[{\"@type\":\"ListItem\",\"position\":1,\"name\":\"Portada\",\"item\":\"https:\/\/www.semanaverde.es\/gl\/\"},{\"@type\":\"ListItem\",\"position\":2,\"name\":\"Inicio\"}]}]}<\/script>\n<!-- \/ Yoast SEO plugin. -->","yoast_head_json":{"title":"Feira Abanca Semana Verde de Galicia","description":"Cel\u00e9brase en Silleda, do 4 ao 7 de xu\u00f1o de 2026.","robots":{"index":"index","follow":"follow","max-snippet":"max-snippet:-1","max-image-preview":"max-image-preview:large","max-video-preview":"max-video-preview:-1"},"canonical":"https:\/\/www.semanaverde.es\/gl\/","og_locale":"gl_ES","og_type":"article","og_title":"Feira Abanca Semana Verde de Galicia","og_description":"Cel\u00e9brase en Silleda, do 4 ao 7 de xu\u00f1o de 2026.","og_url":"https:\/\/www.semanaverde.es\/gl\/","og_site_name":"Feria Abanca Semana Verde de Galicia 2022","article_publisher":"https:\/\/www.facebook.com\/semanaverde","article_modified_time":"2026-02-16T10:37:56+00:00","og_image":[{"url":"https:\/\/www.semanaverde.es\/wp-content\/uploads\/2022\/04\/logo-semana-verde.png"}],"twitter_card":"summary_large_image","twitter_site":"@semanaverde","twitter_misc":{"Tempo de lectura":"11 minutos"},"schema":{"@context":"https:\/\/schema.org","@graph":[{"@type":"Organization","@id":"https:\/\/www.semanaverde.es\/gl\/#organization","name":"Feria Abanca Semana Verde de Galicia - Silleda","url":"https:\/\/www.semanaverde.es\/gl\/","sameAs":["https:\/\/www.facebook.com\/semanaverde","https:\/\/es.linkedin.com\/company\/feira-internacional-de-galicia---figa","https:\/\/twitter.com\/semanaverde"],"logo":{"@type":"ImageObject","@id":"https:\/\/www.semanaverde.es\/gl\/#logo","inLanguage":"gl-ES","url":"https:\/\/www.semanaverde.es\/wp-content\/uploads\/2022\/04\/logo-semana-verde.png","contentUrl":"https:\/\/www.semanaverde.es\/wp-content\/uploads\/2022\/04\/logo-semana-verde.png","width":312,"height":310,"caption":"Feria Abanca Semana Verde de Galicia - Silleda"},"image":{"@id":"https:\/\/www.semanaverde.es\/gl\/#logo"}},{"@type":"WebSite","@id":"https:\/\/www.semanaverde.es\/gl\/#website","url":"https:\/\/www.semanaverde.es\/gl\/","name":"Feria Abanca Semana Verde de Galicia 2022","description":"La feria Abanca Semana Verde de Galicia se celebra en Silleda del 2 al 5 de junio 2022","publisher":{"@id":"https:\/\/www.semanaverde.es\/gl\/#organization"},"potentialAction":[{"@type":"SearchAction","target":{"@type":"EntryPoint","urlTemplate":"https:\/\/www.semanaverde.es\/gl\/?s={search_term_string}"},"query-input":"required name=search_term_string"}],"inLanguage":"gl-ES"},{"@type":"ImageObject","@id":"https:\/\/www.semanaverde.es\/gl\/#primaryimage","inLanguage":"gl-ES","url":"https:\/\/www.semanaverde.es\/wp-content\/uploads\/2022\/04\/logo-semana-verde.png","contentUrl":"https:\/\/www.semanaverde.es\/wp-content\/uploads\/2022\/04\/logo-semana-verde.png","width":312,"height":310},{"@type":"WebPage","@id":"https:\/\/www.semanaverde.es\/gl\/#webpage","url":"https:\/\/www.semanaverde.es\/gl\/","name":"Feira Abanca Semana Verde de Galicia","isPartOf":{"@id":"https:\/\/www.semanaverde.es\/gl\/#website"},"primaryImageOfPage":{"@id":"https:\/\/www.semanaverde.es\/gl\/#primaryimage"},"datePublished":"2022-03-09T14:10:09+00:00","dateModified":"2026-02-16T10:37:56+00:00","description":"Cel\u00e9brase en Silleda, do 4 ao 7 de xu\u00f1o de 2026.","breadcrumb":{"@id":"https:\/\/www.semanaverde.es\/gl\/#breadcrumb"},"inLanguage":"gl-ES","potentialAction":[{"@type":"ReadAction","target":["https:\/\/www.semanaverde.es\/gl\/"]}]},{"@type":"BreadcrumbList","@id":"https:\/\/www.semanaverde.es\/gl\/#breadcrumb","itemListElement":[{"@type":"ListItem","position":1,"name":"Portada","item":"https:\/\/www.semanaverde.es\/gl\/"},{"@type":"ListItem","position":2,"name":"Inicio"}]}]}},"_links":{"self":[{"href":"https:\/\/www.semanaverde.es\/gl\/wp-json\/wp\/v2\/pages\/1506","targetHints":{"allow":["GET"]}}],"collection":[{"href":"https:\/\/www.semanaverde.es\/gl\/wp-json\/wp\/v2\/pages"}],"about":[{"href":"https:\/\/www.semanaverde.es\/gl\/wp-json\/wp\/v2\/types\/page"}],"author":[{"embeddable":true,"href":"https:\/\/www.semanaverde.es\/gl\/wp-json\/wp\/v2\/users\/1"}],"replies":[{"embeddable":true,"href":"https:\/\/www.semanaverde.es\/gl\/wp-json\/wp\/v2\/comments?post=1506"}],"version-history":[{"count":140,"href":"https:\/\/www.semanaverde.es\/gl\/wp-json\/wp\/v2\/pages\/1506\/revisions"}],"predecessor-version":[{"id":4598,"href":"https:\/\/www.semanaverde.es\/gl\/wp-json\/wp\/v2\/pages\/1506\/revisions\/4598"}],"wp:attachment":[{"href":"https:\/\/www.semanaverde.es\/gl\/wp-json\/wp\/v2\/media?parent=1506"}],"curies":[{"name":"wp","href":"https:\/\/api.w.org\/{rel}","templated":true}]}}